{"id":1492,"date":"2026-03-26T07:54:50","date_gmt":"2026-03-26T07:54:50","guid":{"rendered":"https:\/\/events.ulbsibiu.ro\/dancegymnasticscup\/?page_id=1492"},"modified":"2026-04-15T15:38:04","modified_gmt":"2026-04-15T15:38:04","slug":"volunteers","status":"publish","type":"page","link":"https:\/\/events.ulbsibiu.ro\/dancegymnasticscup\/volunteers\/","title":{"rendered":"Volunteers"},"content":{"rendered":"<h2 class=\"page-super-title fade-in-up\">VOLUNTEERS<\/h2>\n<div class=\"wp-block-columns\">\n<div class=\"wp-block-column\">\n<ul>\n<li class=\"member-card has-accordion\">\n                <img decoding=\"async\" class=\"member-avatar\" src=\"https:\/\/events.ulbsibiu.ro\/dancegymnasticscup\/wp-content\/uploads\/Voluntari\/Baiko.jpg?_t=1774959513\" alt=\"Baiko Alexandra-Andreea\"><\/p>\n<div class=\"member-content\">\n                    <div class=\"lightweight-accordion\"><details><summary class=\"lightweight-accordion-title\"><span>Baiko, Alexandra-Andreea - Facultatea de \u015etiin\u0163e Socio-Umane<\/span><\/summary><div class=\"lightweight-accordion-body\"><p><strong>Role:<\/strong> Volunteer<br \/><strong>Faculty:<\/strong> Facultatea de \u015etiin\u0163e Socio-Umane<br \/><strong>Specialization:<\/strong> SP1<\/p>\n<\/div><\/details><\/div>\n                <\/div>\n<\/li>\n<li class=\"member-card has-accordion\">\n                <img decoding=\"async\" class=\"member-avatar\" src=\"https:\/\/events.ulbsibiu.ro\/dancegymnasticscup\/wp-content\/uploads\/Voluntari\/Blejusca%20Lorena.jpeg?_t=1775125731\" alt=\"Bleju\u0219c\u0103 Lorena\"><\/p>\n<div class=\"member-content\">\n                    <div class=\"lightweight-accordion\"><details><summary class=\"lightweight-accordion-title\"><span>Bleju\u0219c\u0103, Lorena - Facultatea de \u015etiin\u0163e<\/span><\/summary><div class=\"lightweight-accordion-body\"><p><strong>Role:<\/strong> Volunteer<br \/><strong>Faculty:<\/strong> Facultatea de \u015etiin\u0163e<br \/><strong>Specialization:<\/strong> EFS 1<\/p>\n<\/div><\/details><\/div>\n                <\/div>\n<\/li>\n<li class=\"member-card has-accordion\">\n                <img decoding=\"async\" class=\"member-avatar\" src=\"https:\/\/events.ulbsibiu.ro\/dancegymnasticscup\/wp-content\/uploads\/Voluntari\/Ceasu.jpg?_t=1774959513\" alt=\"Ceau\u015fu Debora-Maria\"><\/p>\n<div class=\"member-content\">\n                    <div class=\"lightweight-accordion\"><details><summary class=\"lightweight-accordion-title\"><span>Ceau\u015fu, Debora-Maria - Facultatea de \u015etiin\u0163e<\/span><\/summary><div class=\"lightweight-accordion-body\"><p><strong>Role:<\/strong> Volunteer<br \/><strong>Faculty:<\/strong> Facultatea de \u015etiin\u0163e<br \/><strong>Specialization:<\/strong> EFS 1<\/p>\n<\/div><\/details><\/div>\n                <\/div>\n<\/li>\n<li class=\"member-card has-accordion\">\n                <img decoding=\"async\" class=\"member-avatar\" src=\"https:\/\/events.ulbsibiu.ro\/dancegymnasticscup\/wp-content\/uploads\/Voluntari\/Cruciat.jpeg?_t=1775125731\" alt=\"Cruciat Drago\u015f-Ioan\"><\/p>\n<div class=\"member-content\">\n                    <div class=\"lightweight-accordion\"><details><summary class=\"lightweight-accordion-title\"><span>Cruciat, Drago\u015f-Ioan - Facultatea de Socio-Umane<\/span><\/summary><div class=\"lightweight-accordion-body\"><p><strong>Role:<\/strong> Volunteer<br \/><strong>Faculty:<\/strong> Facultatea de Socio-Umane<br \/><strong>Specialization:<\/strong> CRP 1<\/p>\n<\/div><\/details><\/div>\n                <\/div>\n<\/li>\n<li class=\"member-card has-accordion\">\n                <img decoding=\"async\" class=\"member-avatar\" src=\"https:\/\/events.ulbsibiu.ro\/dancegymnasticscup\/wp-content\/uploads\/Voluntari\/Csiszar%20Adina%20Maria.jpeg?_t=1775125731\" alt=\"Csiszar Adina Maria\"><\/p>\n<div class=\"member-content\">\n                    <div class=\"lightweight-accordion\"><details><summary class=\"lightweight-accordion-title\"><span>Csiszar, Adina Maria - Facultatea de \u015etiin\u0163e<\/span><\/summary><div class=\"lightweight-accordion-body\"><p><strong>Role:<\/strong> Volunteer<br \/><strong>Faculty:<\/strong> Facultatea de \u015etiin\u0163e<br \/><strong>Specialization:<\/strong> RU 1<\/p>\n<\/div><\/details><\/div>\n                <\/div>\n<\/li>\n<li class=\"member-card has-accordion\">\n                <img decoding=\"async\" class=\"member-avatar\" src=\"https:\/\/events.ulbsibiu.ro\/dancegymnasticscup\/wp-content\/uploads\/Voluntari\/demeterca.jpeg?_t=1775125731\" alt=\"Demeterc\u0103 Andreea-Mihaela\"><\/p>\n<div class=\"member-content\">\n                    <div class=\"lightweight-accordion\"><details><summary class=\"lightweight-accordion-title\"><span>Demeterc\u0103, Andreea-Mihaela - Facultatea de \u015etiin\u0163e Socio-Umane<\/span><\/summary><div class=\"lightweight-accordion-body\"><p><strong>Role:<\/strong> Volunteer<br \/><strong>Faculty:<\/strong> Facultatea de \u015etiin\u0163e Socio-Umane<br \/><strong>Specialization:<\/strong> A.S.1<\/p>\n<\/div><\/details><\/div>\n                <\/div>\n<\/li>\n<li class=\"member-card has-accordion\">\n                <img decoding=\"async\" class=\"member-avatar\" src=\"https:\/\/events.ulbsibiu.ro\/dancegymnasticscup\/wp-content\/uploads\/Voluntari\/Dinescu.jpeg?_t=1775125731\" alt=\"Dinescu Alexya-Elena\"><\/p>\n<div class=\"member-content\">\n                    <div class=\"lightweight-accordion\"><details><summary class=\"lightweight-accordion-title\"><span>Dinescu, Alexya-Elena - Facultatea de \u015etiin\u0163e Socio-Umane<\/span><\/summary><div class=\"lightweight-accordion-body\"><p><strong>Role:<\/strong> Volunteer<br \/><strong>Faculty:<\/strong> Facultatea de \u015etiin\u0163e Socio-Umane<br \/><strong>Specialization:<\/strong> A.S.1<\/p>\n<\/div><\/details><\/div>\n                <\/div>\n<\/li>\n<li class=\"member-card has-accordion\">\n                <img decoding=\"async\" class=\"member-avatar\" src=\"https:\/\/events.ulbsibiu.ro\/dancegymnasticscup\/wp-content\/uploads\/Voluntari\/Dobre%20Andreea.jpeg?_t=1775125731\" alt=\"Dobre Andreea-Viorela\"><\/p>\n<div class=\"member-content\">\n                    <div class=\"lightweight-accordion\"><details><summary class=\"lightweight-accordion-title\"><span>Dobre, Andreea-Viorela - Facultatea de \u015etiin\u0163e Socio-Umane<\/span><\/summary><div class=\"lightweight-accordion-body\"><p><strong>Role:<\/strong> Volunteer<br \/><strong>Faculty:<\/strong> Facultatea de \u015etiin\u0163e Socio-Umane<br \/><strong>Specialization:<\/strong> A.S.1<\/p>\n<\/div><\/details><\/div>\n                <\/div>\n<\/li>\n<li class=\"member-card has-accordion\">\n                <img decoding=\"async\" class=\"member-avatar\" src=\"https:\/\/events.ulbsibiu.ro\/dancegymnasticscup\/wp-content\/uploads\/Voluntari\/Farcas.jpeg?_t=1775125731\" alt=\"Farca\u015f Maria-Mirabela\"><\/p>\n<div class=\"member-content\">\n                    <div class=\"lightweight-accordion\"><details><summary class=\"lightweight-accordion-title\"><span>Farca\u015f, Maria-Mirabela - Facultatea de \u015etiin\u0163e Socio-Umane<\/span><\/summary><div class=\"lightweight-accordion-body\"><p><strong>Role:<\/strong> Volunteer<br \/><strong>Faculty:<\/strong> Facultatea de \u015etiin\u0163e Socio-Umane<br \/><strong>Specialization:<\/strong> RU 1<\/p>\n<\/div><\/details><\/div>\n                <\/div>\n<\/li>\n<li class=\"member-card has-accordion\">\n                <img decoding=\"async\" class=\"member-avatar\" src=\"https:\/\/events.ulbsibiu.ro\/dancegymnasticscup\/wp-content\/uploads\/Voluntari\/Firiat.jpg?_t=1774959513\" alt=\"Firtat Ionela-Elena\"><\/p>\n<div class=\"member-content\">\n                    <div class=\"lightweight-accordion\"><details><summary class=\"lightweight-accordion-title\"><span>Firtat, Ionela-Elena - Facultatea de \u015etiin\u0163e<\/span><\/summary><div class=\"lightweight-accordion-body\"><p><strong>Role:<\/strong> Volunteer<br \/><strong>Faculty:<\/strong> Facultatea de \u015etiin\u0163e<br \/><strong>Specialization:<\/strong> SPM 2<\/p>\n<\/div><\/details><\/div>\n                <\/div>\n<\/li>\n<li class=\"member-card has-accordion\">\n                <img decoding=\"async\" class=\"member-avatar\" src=\"https:\/\/events.ulbsibiu.ro\/dancegymnasticscup\/wp-content\/uploads\/Voluntari\/Fratila%20Robert.jpeg?_t=1775125731\" alt=\"Fr\u0103\u021bil\u0103 Robert\"><\/p>\n<div class=\"member-content\">\n                    <div class=\"lightweight-accordion\"><details><summary class=\"lightweight-accordion-title\"><span>Fr\u0103\u021bil\u0103, Robert - Facultatea de \u015etiin\u0163e<\/span><\/summary><div class=\"lightweight-accordion-body\"><p><strong>Role:<\/strong> Volunteer<br \/><strong>Faculty:<\/strong> Facultatea de \u015etiin\u0163e<br \/><strong>Specialization:<\/strong> EFS 1<\/p>\n<\/div><\/details><\/div>\n                <\/div>\n<\/li>\n<li class=\"member-card has-accordion\">\n                <img decoding=\"async\" class=\"member-avatar\" src=\"data:image\/svg+xml,%3Csvg xmlns='http:\/\/www.w3.org\/2000\/svg' viewBox='0 0 100 100'%3E%3Crect fill='%23f8fafc' width='100' height='100'\/%3E%3Ccircle fill='%23e2e8f0' cx='50' cy='35' r='20'\/%3E%3Cpath fill='%23e2e8f0' d='M20 100 c0-25 15-40 30-40 h0 c15 0 30 15 30 40' \/%3E%3C\/svg%3E\" alt=\"Avatar\"><\/p>\n<div class=\"member-content\">\n                    <div class=\"lightweight-accordion\"><details><summary class=\"lightweight-accordion-title\"><span>Goage, Petru Tudor - Facultatea de \u015etiin\u0163e<\/span><\/summary><div class=\"lightweight-accordion-body\"><p><strong>Role:<\/strong> Volunteer<br \/><strong>Faculty:<\/strong> Facultatea de \u015etiin\u0163e<br \/><strong>Specialization:<\/strong> EFS\u015e 1<\/p>\n<\/div><\/details><\/div>\n                <\/div>\n<\/li>\n<li class=\"member-card has-accordion\">\n                <img decoding=\"async\" class=\"member-avatar\" src=\"https:\/\/events.ulbsibiu.ro\/dancegymnasticscup\/wp-content\/uploads\/Voluntari\/Ivan.jpg?_t=1774959513\" alt=\"Ivan Tiberiu-Alexandru\"><\/p>\n<div class=\"member-content\">\n                    <div class=\"lightweight-accordion\"><details><summary class=\"lightweight-accordion-title\"><span>Ivan, Tiberiu-Alexandru - Facultatea de \u015etiin\u0163e<\/span><\/summary><div class=\"lightweight-accordion-body\"><p><strong>Role:<\/strong> Volunteer<br \/><strong>Faculty:<\/strong> Facultatea de \u015etiin\u0163e<br \/><strong>Specialization:<\/strong> EFS 1<\/p>\n<\/div><\/details><\/div>\n                <\/div>\n<\/li>\n<li class=\"member-card has-accordion\">\n                <img decoding=\"async\" class=\"member-avatar\" src=\"https:\/\/events.ulbsibiu.ro\/dancegymnasticscup\/wp-content\/uploads\/Voluntari\/Cristi.jpeg?_t=1776267287\" alt=\"Lavu Cristian-Ioan\"><\/p>\n<div class=\"member-content\">\n                    <div class=\"lightweight-accordion\"><details><summary class=\"lightweight-accordion-title\"><span>Lavu, Cristian-Ioan - Facultatea de Inginerie<\/span><\/summary><div class=\"lightweight-accordion-body\"><p><strong>Role:<\/strong> Volunteer<br \/><strong>Faculty:<\/strong> Facultatea de Inginerie<br \/><strong>Specialization:<\/strong> Calculatoare<\/p>\n<\/div><\/details><\/div>\n                <\/div>\n<\/li>\n<\/ul><\/div>\n<div class=\"wp-block-column\">\n<ul>\n<li class=\"member-card has-accordion\">\n                <img decoding=\"async\" class=\"member-avatar\" src=\"https:\/\/events.ulbsibiu.ro\/dancegymnasticscup\/wp-content\/uploads\/Voluntari\/Leafu.jpg?_t=1774959513\" alt=\"Leafu R\u0103zvan\"><\/p>\n<div class=\"member-content\">\n                    <div class=\"lightweight-accordion\"><details><summary class=\"lightweight-accordion-title\"><span>Leafu, R\u0103zvan - Facultatea de \u015etiin\u0163e<\/span><\/summary><div class=\"lightweight-accordion-body\"><p><strong>Role:<\/strong> Volunteer<br \/><strong>Faculty:<\/strong> Facultatea de \u015etiin\u0163e<br \/><strong>Specialization:<\/strong> EFS 2<\/p>\n<\/div><\/details><\/div>\n                <\/div>\n<\/li>\n<li class=\"member-card has-accordion\">\n                <img decoding=\"async\" class=\"member-avatar\" src=\"https:\/\/events.ulbsibiu.ro\/dancegymnasticscup\/wp-content\/uploads\/Voluntari\/Lupu%20Natanel.jpeg?_t=1776267237\" alt=\"Lupu Natanael\"><\/p>\n<div class=\"member-content\">\n                    <div class=\"lightweight-accordion\"><details><summary class=\"lightweight-accordion-title\"><span>Lupu, Natanael - Facultatea de Socio-Umane<\/span><\/summary><div class=\"lightweight-accordion-body\"><p><strong>Role:<\/strong> Volunteer<br \/><strong>Faculty:<\/strong> Facultatea de Socio-Umane<br \/><strong>Specialization:<\/strong> CRP 1<\/p>\n<\/div><\/details><\/div>\n                <\/div>\n<\/li>\n<li class=\"member-card has-accordion\">\n                <img decoding=\"async\" class=\"member-avatar\" src=\"https:\/\/events.ulbsibiu.ro\/dancegymnasticscup\/wp-content\/uploads\/Voluntari\/MIt.jpg?_t=1774959513\" alt=\"M\u00ee\u0163 Teodora-M\u0103d\u0103lina\"><\/p>\n<div class=\"member-content\">\n                    <div class=\"lightweight-accordion\"><details><summary class=\"lightweight-accordion-title\"><span>M\u00ee\u0163, Teodora-M\u0103d\u0103lina - Facultatea de \u015etiin\u0163e<\/span><\/summary><div class=\"lightweight-accordion-body\"><p><strong>Role:<\/strong> Volunteer<br \/><strong>Faculty:<\/strong> Facultatea de \u015etiin\u0163e<br \/><strong>Specialization:<\/strong> SPM 2<\/p>\n<\/div><\/details><\/div>\n                <\/div>\n<\/li>\n<li class=\"member-card has-accordion\">\n                <img decoding=\"async\" class=\"member-avatar\" src=\"https:\/\/events.ulbsibiu.ro\/dancegymnasticscup\/wp-content\/uploads\/Voluntari\/Moldovan%20al%20doilea.jpeg?_t=1775125731\" alt=\"Moldovan Florin\"><\/p>\n<div class=\"member-content\">\n                    <div class=\"lightweight-accordion\"><details><summary class=\"lightweight-accordion-title\"><span>Moldovan, Florin - Facultatea de \u015etiin\u0163e<\/span><\/summary><div class=\"lightweight-accordion-body\"><p><strong>Role:<\/strong> Volunteer<br \/><strong>Faculty:<\/strong> Facultatea de \u015etiin\u0163e<br \/><strong>Specialization:<\/strong> EFS 2<\/p>\n<\/div><\/details><\/div>\n                <\/div>\n<\/li>\n<li class=\"member-card has-accordion\">\n                <img decoding=\"async\" class=\"member-avatar\" src=\"https:\/\/events.ulbsibiu.ro\/dancegymnasticscup\/wp-content\/uploads\/Voluntari\/Moldovan.jpg?_t=1774959513\" alt=\"Moldovan Ionatan\"><\/p>\n<div class=\"member-content\">\n                    <div class=\"lightweight-accordion\"><details><summary class=\"lightweight-accordion-title\"><span>Moldovan, Ionatan - Facultatea de \u015etiin\u0163e<\/span><\/summary><div class=\"lightweight-accordion-body\"><p><strong>Role:<\/strong> Volunteer<br \/><strong>Faculty:<\/strong> Facultatea de \u015etiin\u0163e<br \/><strong>Specialization:<\/strong> EFS 1<\/p>\n<\/div><\/details><\/div>\n                <\/div>\n<\/li>\n<li class=\"member-card has-accordion\">\n                <img decoding=\"async\" class=\"member-avatar\" src=\"https:\/\/events.ulbsibiu.ro\/dancegymnasticscup\/wp-content\/uploads\/Voluntari\/Murdasan.jpg?_t=1774959513\" alt=\"Murd\u0103\u015fan Dumitru-Andrei\"><\/p>\n<div class=\"member-content\">\n                    <div class=\"lightweight-accordion\"><details><summary class=\"lightweight-accordion-title\"><span>Murd\u0103\u015fan, Dumitru-Andrei - Facultatea de \u015etiin\u0163e<\/span><\/summary><div class=\"lightweight-accordion-body\"><p><strong>Role:<\/strong> Volunteer<br \/><strong>Faculty:<\/strong> Facultatea de \u015etiin\u0163e<br \/><strong>Specialization:<\/strong> A.S.1<\/p>\n<\/div><\/details><\/div>\n                <\/div>\n<\/li>\n<li class=\"member-card has-accordion\">\n                <img decoding=\"async\" class=\"member-avatar\" src=\"https:\/\/events.ulbsibiu.ro\/dancegymnasticscup\/wp-content\/uploads\/Voluntari\/Nitulescu%20andrei.jpeg?_t=1775125731\" alt=\"Ni\u021bulescu Andrei\"><\/p>\n<div class=\"member-content\">\n                    <div class=\"lightweight-accordion\"><details><summary class=\"lightweight-accordion-title\"><span>Ni\u021bulescu, Andrei - Facultatea de \u015etiin\u0163e<\/span><\/summary><div class=\"lightweight-accordion-body\"><p><strong>Role:<\/strong> Volunteer<br \/><strong>Faculty:<\/strong> Facultatea de \u015etiin\u0163e<br \/><strong>Specialization:<\/strong> EFS 1<\/p>\n<\/div><\/details><\/div>\n                <\/div>\n<\/li>\n<li class=\"member-card has-accordion\">\n                <img decoding=\"async\" class=\"member-avatar\" src=\"data:image\/svg+xml,%3Csvg xmlns='http:\/\/www.w3.org\/2000\/svg' viewBox='0 0 100 100'%3E%3Crect fill='%23f8fafc' width='100' height='100'\/%3E%3Ccircle fill='%23e2e8f0' cx='50' cy='35' r='20'\/%3E%3Cpath fill='%23e2e8f0' d='M20 100 c0-25 15-40 30-40 h0 c15 0 30 15 30 40' \/%3E%3C\/svg%3E\" alt=\"Avatar\"><\/p>\n<div class=\"member-content\">\n                    <div class=\"lightweight-accordion\"><details><summary class=\"lightweight-accordion-title\"><span>Obrejan, Silvia Teodora - Facultatea de \u015etiin\u0163e<\/span><\/summary><div class=\"lightweight-accordion-body\"><p><strong>Role:<\/strong> Volunteer<br \/><strong>Faculty:<\/strong> Facultatea de \u015etiin\u0163e<br \/><strong>Specialization:<\/strong> EFS\u015e 1<\/p>\n<\/div><\/details><\/div>\n                <\/div>\n<\/li>\n<li class=\"member-card has-accordion\">\n                <img decoding=\"async\" class=\"member-avatar\" src=\"https:\/\/events.ulbsibiu.ro\/dancegymnasticscup\/wp-content\/uploads\/Voluntari\/Oltean.jpg?_t=1774959513\" alt=\"Oltean Iulia\"><\/p>\n<div class=\"member-content\">\n                    <div class=\"lightweight-accordion\"><details><summary class=\"lightweight-accordion-title\"><span>Oltean, Iulia - Facultatea de \u015etiin\u0163e<\/span><\/summary><div class=\"lightweight-accordion-body\"><p><strong>Role:<\/strong> Volunteer<br \/><strong>Faculty:<\/strong> Facultatea de \u015etiin\u0163e<br \/><strong>Specialization:<\/strong> SPM 2<\/p>\n<\/div><\/details><\/div>\n                <\/div>\n<\/li>\n<li class=\"member-card has-accordion\">\n                <img decoding=\"async\" class=\"member-avatar\" src=\"https:\/\/events.ulbsibiu.ro\/dancegymnasticscup\/wp-content\/uploads\/Voluntari\/Rada.jpeg?_t=1776267237\" alt=\"Rada Andrei\"><\/p>\n<div class=\"member-content\">\n                    <div class=\"lightweight-accordion\"><details><summary class=\"lightweight-accordion-title\"><span>Rada, Andrei - Facultatea de \u015etiin\u0163e<\/span><\/summary><div class=\"lightweight-accordion-body\"><p><strong>Role:<\/strong> Volunteer<br \/><strong>Faculty:<\/strong> Facultatea de \u015etiin\u0163e<br \/><strong>Specialization:<\/strong> SPM 2<\/p>\n<\/div><\/details><\/div>\n                <\/div>\n<\/li>\n<li class=\"member-card has-accordion\">\n                <img decoding=\"async\" class=\"member-avatar\" src=\"https:\/\/events.ulbsibiu.ro\/dancegymnasticscup\/wp-content\/uploads\/Voluntari\/Rusanescu%20Denis.jpeg?_t=1775125731\" alt=\"Ru\u0219\u0103nescu Denis\"><\/p>\n<div class=\"member-content\">\n                    <div class=\"lightweight-accordion\"><details><summary class=\"lightweight-accordion-title\"><span>Ru\u0219\u0103nescu, Denis - Facultatea de \u015etiin\u0163e<\/span><\/summary><div class=\"lightweight-accordion-body\"><p><strong>Role:<\/strong> Volunteer<br \/><strong>Faculty:<\/strong> Facultatea de \u015etiin\u0163e<br \/><strong>Specialization:<\/strong> EFS 1<\/p>\n<\/div><\/details><\/div>\n                <\/div>\n<\/li>\n<li class=\"member-card has-accordion\">\n                <img decoding=\"async\" class=\"member-avatar\" src=\"https:\/\/events.ulbsibiu.ro\/dancegymnasticscup\/wp-content\/uploads\/Voluntari\/Szekely.jpg?_t=1774959513\" alt=\"Szekely Timea\"><\/p>\n<div class=\"member-content\">\n                    <div class=\"lightweight-accordion\"><details><summary class=\"lightweight-accordion-title\"><span>Szekely, Timea - Facultatea de \u015etiin\u0163e Socio-Umane<\/span><\/summary><div class=\"lightweight-accordion-body\"><p><strong>Role:<\/strong> Volunteer<br \/><strong>Faculty:<\/strong> Facultatea de \u015etiin\u0163e Socio-Umane<br \/><strong>Specialization:<\/strong> SP1<\/p>\n<\/div><\/details><\/div>\n                <\/div>\n<\/li>\n<li class=\"member-card has-accordion\">\n                <img decoding=\"async\" class=\"member-avatar\" src=\"https:\/\/events.ulbsibiu.ro\/dancegymnasticscup\/wp-content\/uploads\/Voluntari\/Trasca%20Roxana.jpeg?_t=1776267287\" alt=\"Tra\u0219c\u0103 Roxana-Maria\"><\/p>\n<div class=\"member-content\">\n                    <div class=\"lightweight-accordion\"><details><summary class=\"lightweight-accordion-title\"><span>Tra\u0219c\u0103, Roxana-Maria - Facultatea de Medicin\u0103<\/span><\/summary><div class=\"lightweight-accordion-body\"><p><strong>Role:<\/strong> Volunteer<br \/><strong>Faculty:<\/strong> Facultatea de Medicin\u0103<br \/><strong>Specialization:<\/strong> Medicin\u0103 Dentar\u0103<\/p>\n<\/div><\/details><\/div>\n                <\/div>\n<\/li>\n<li class=\"member-card has-accordion\">\n                <img decoding=\"async\" class=\"member-avatar\" src=\"https:\/\/events.ulbsibiu.ro\/dancegymnasticscup\/wp-content\/uploads\/Voluntari\/Andreea.jpeg?_t=1776267237\" alt=\"Tra\u0219c\u0103 Olivia Andreea\"><\/p>\n<div class=\"member-content\">\n                    <div class=\"lightweight-accordion\"><details><summary class=\"lightweight-accordion-title\"><span>Tra\u0219c\u0103, Olivia Andreea<\/span><\/summary><div class=\"lightweight-accordion-body\"><p><strong>Role:<\/strong> Volunteer<\/p>\n<\/div><\/details><\/div>\n                <\/div>\n<\/li>\n<\/ul><\/div>\n<\/div>\n","protected":false},"excerpt":{"rendered":"<p>VOLUNTEERS<\/p>\n","protected":false},"author":4,"featured_media":0,"parent":0,"menu_order":0,"comment_status":"closed","ping_status":"closed","template":"","meta":{"footnotes":""},"class_list":["post-1492","page","type-page","status-publish","hentry"],"_links":{"self":[{"href":"https:\/\/events.ulbsibiu.ro\/dancegymnasticscup\/wp-json\/wp\/v2\/pages\/1492","targetHints":{"allow":["GET"]}}],"collection":[{"href":"https:\/\/events.ulbsibiu.ro\/dancegymnasticscup\/wp-json\/wp\/v2\/pages"}],"about":[{"href":"https:\/\/events.ulbsibiu.ro\/dancegymnasticscup\/wp-json\/wp\/v2\/types\/page"}],"author":[{"embeddable":true,"href":"https:\/\/events.ulbsibiu.ro\/dancegymnasticscup\/wp-json\/wp\/v2\/users\/4"}],"replies":[{"embeddable":true,"href":"https:\/\/events.ulbsibiu.ro\/dancegymnasticscup\/wp-json\/wp\/v2\/comments?post=1492"}],"version-history":[{"count":11,"href":"https:\/\/events.ulbsibiu.ro\/dancegymnasticscup\/wp-json\/wp\/v2\/pages\/1492\/revisions"}],"predecessor-version":[{"id":1597,"href":"https:\/\/events.ulbsibiu.ro\/dancegymnasticscup\/wp-json\/wp\/v2\/pages\/1492\/revisions\/1597"}],"wp:attachment":[{"href":"https:\/\/events.ulbsibiu.ro\/dancegymnasticscup\/wp-json\/wp\/v2\/media?parent=1492"}],"curies":[{"name":"wp","href":"https:\/\/api.w.org\/{rel}","templated":true}]}}